{"id":18683,"date":"2025-02-03T07:09:32","date_gmt":"2025-02-03T07:09:32","guid":{"rendered":"https:\/\/marqalicante-admin.qwair.com\/item\/marq-arqueologia-y-museos-extra-01-2\/"},"modified":"2025-06-04T16:33:28","modified_gmt":"2025-06-04T16:33:28","slug":"marq-arqueologia-y-museos-extra-01-2","status":"publish","type":"product","link":"https:\/\/marqalicante-admin.qwair.com\/en\/product\/marq-arqueologia-y-museos-extra-01-2\/","title":{"rendered":"MARQ, ARCHAEOLOGY AND MUSEUMS EXTRA 01"},"content":{"rendered":"<div class=\"documento-item\">\n                    <h2 class=\"documento-title\">ARCHAEOLOGY AND REGIONAL ADMINISTRATION IN THE VALENCIAN COMMUNITY (2002-2012): ALICANTE<\/h2>\n        \n                    <p class=\"documento-subtitle\">Consuelo Matamoros de Villa and Jos\u00e9 Luis Sim\u00f3n Garc\u00eda<\/p>\n        \n                    <a href=\"\/wp-content\/uploads\/2025\/01\/publi-revistas\/pub_122.pdf\" class=\"documento-btn\">\n                <i class=\"fas fa-file-pdf\"><\/i> Download PDF\n            <\/a>\n            <\/div>\n\n        \n    <div class=\"documento-item\">\n                    <h2 class=\"documento-title\">MUSEUMS AND MUSEUMISED ARCHAEOLOGICAL SITES. THE PANORAMA IN ALICANTE IN THE FIRST DECADE OF THE 21ST CENTURY<\/h2>\n        \n                    <p class=\"documento-subtitle\">Manuel H. Olcina Dom\u00e9nech, Jorge A. Soler D\u00edaz and Rafael P\u00e9rez Jim\u00e9nez<\/p>\n        \n                    <a href=\"\/wp-content\/uploads\/2025\/01\/publi-revistas\/pub_123.pdf\" class=\"documento-btn\">\n                <i class=\"fas fa-file-pdf\"><\/i> Download PDF\n            <\/a>\n            <\/div>\n\n        \n    <div class=\"documento-item\">\n                    <h2 class=\"documento-title\">ARCHAEOLOGY AND BUSINESS IN ALICANTE<\/h2>\n        \n                    <p class=\"documento-subtitle\">Eduardo L\u00f3pez Segu\u00ed<\/p>\n        \n                    <a href=\"\/wp-content\/uploads\/2025\/01\/publi-revistas\/pub_124.pdf\" class=\"documento-btn\">\n                <i class=\"fas fa-file-pdf\"><\/i> Download PDF\n            <\/a>\n            <\/div>\n\n        \n    <div class=\"documento-item\">\n                    <h2 class=\"documento-title\">ARCHAEOLOGY, MUSEUM AND FOUNDATION. OF HOW BADLY THEY GET ON WITH SPEED<\/h2>\n        \n                    <p class=\"documento-subtitle\">Josep A. Cort\u00e9s i Garrido<\/p>\n        \n                    <a href=\"\/wp-content\/uploads\/2025\/01\/publi-revistas\/pub_125.pdf\" class=\"documento-btn\">\n                <i class=\"fas fa-file-pdf\"><\/i> Download PDF\n            <\/a>\n            <\/div>\n\n        \n    <div class=\"documento-item\">\n                    <h2 class=\"documento-title\">ARCHAEOLOGY AND UNIVERSITY<\/h2>\n        \n                    <p class=\"documento-subtitle\">Lorenzo Abad Casal<\/p>\n        \n                    <a href=\"\/wp-content\/uploads\/2025\/01\/publi-revistas\/pub_126.pdf\" class=\"documento-btn\">\n                <i class=\"fas fa-file-pdf\"><\/i> Download PDF\n            <\/a>\n            <\/div>\n\n        \n    <div class=\"documento-item\">\n                    <h2 class=\"documento-title\">ARCHAEOLOGY AND COLLEGE OF DOCTORS AND GRADUATES<\/h2>\n        \n                    <p class=\"documento-subtitle\">Fernando E. Tendero Fern\u00e1ndez and Araceli Guardiola Mart\u00ednez<\/p>\n        \n                    <a href=\"\/wp-content\/uploads\/2025\/01\/publi-revistas\/pub_127.pdf\" class=\"documento-btn\">\n                <i class=\"fas fa-file-pdf\"><\/i> Download PDF\n            <\/a>\n            <\/div>\n\n        \n    <div class=\"documento-item\">\n                    <h2 class=\"documento-title\">THE ARCHAEOLOGY OF PREHISTORIC ALICANTE IN THE FIRST DECADE OF THE 21ST CENTURY<\/h2>\n        \n                    <p class=\"documento-subtitle\">Jorge A. Soler D\u00edaz, Juan A. L\u00f3pez Padilla and Rafael Mart\u00ednez Valle<\/p>\n        \n                    <a href=\"\/wp-content\/uploads\/2025\/01\/publi-revistas\/pub_128.pdf\" class=\"documento-btn\">\n                <i class=\"fas fa-file-pdf\"><\/i> Download PDF\n            <\/a>\n            <\/div>\n\n        \n    <div class=\"documento-item\">\n                    <h2 class=\"documento-title\">ARCHAEOLOGY IN ALICANTE IN THE FIRST DECADE OF THE 21ST CENTURY. A REFLECTION ON THE ADVANCES IN THE STUDY OF THE PHOENICIAN AND IBERIAN PERIODS.<\/h2>\n        \n                    <p class=\"documento-subtitle\">Fernando Prados Mart\u00ednez and Feliciana Sala Sell\u00e9s<\/p>\n        \n                    <a href=\"\/wp-content\/uploads\/2025\/01\/publi-revistas\/pub_129.pdf\" class=\"documento-btn\">\n                <i class=\"fas fa-file-pdf\"><\/i> Download PDF\n            <\/a>\n            <\/div>\n\n        \n    <div class=\"documento-item\">\n                    <h2 class=\"documento-title\">ROMAN ARCHAEOLOGY AND THE LATE ANTIQUE WORLD<\/h2>\n        \n                    <p class=\"documento-subtitle\">Manuel H. Olcina Dom\u00e9nech and M\u00aa Teresa Xim\u00e9nez de Emb\u00fan S\u00e1nchez<\/p>\n        \n                    <a href=\"\/wp-content\/uploads\/2025\/01\/publi-revistas\/pub_130.pdf\" class=\"documento-btn\">\n                <i class=\"fas fa-file-pdf\"><\/i> Download PDF\n            <\/a>\n            <\/div>\n\n        \n    <div class=\"documento-item\">\n                    <h2 class=\"documento-title\">MEDIEVAL ARCHAEOLOGY IN ALICANTE IN THE FIRST DECADE OF THE 21ST CENTURY<\/h2>\n        \n                    <p class=\"documento-subtitle\">Rafael Azuar Ruiz and Jos\u00e9 Luis Men\u00e9ndez Fueyo<\/p>\n        \n                    <a href=\"\/wp-content\/uploads\/2025\/01\/publi-revistas\/pub_131.pdf\" class=\"documento-btn\">\n                <i class=\"fas fa-file-pdf\"><\/i> Download PDF\n            <\/a>\n            <\/div>\n\n        \n    <div class=\"documento-item\">\n                    <h2 class=\"documento-title\">Geoarchaeological prospection of the Prebetic of Alicante: First data on the supply of flint during Prehistoric times.<\/h2>\n        \n                    <p class=\"documento-subtitle\">Francisco Javier Molina Hern\u00e1ndez, Antonio Tarri\u00f1o Vinagre, Bertila Galv\u00e1n Santos and Cristo M. Hern\u00e1ndez G\u00f3mez<\/p>\n        \n                    <a href=\"\/wp-content\/uploads\/2025\/01\/publi-revistas\/pub_132.pdf\" class=\"documento-btn\">\n                <i class=\"fas fa-file-pdf\"><\/i> Download PDF\n            <\/a>\n            <\/div>\n\n        \n    <div class=\"documento-item\">\n                    <h2 class=\"documento-title\">Excavacions en la Cova de Les Cendres (Teulada-Moraira, La Marina Alta): campanyes 2010-2011<\/h2>\n        \n                    <p class=\"documento-subtitle\">D\u00eddac Rom\u00e1n Monroig and Valent\u00edn Villaverde Bonilla<\/p>\n        \n                    <a href=\"\/wp-content\/uploads\/2025\/01\/publi-revistas\/pub_133.pdf\" class=\"documento-btn\">\n                <i class=\"fas fa-file-pdf\"><\/i> Download PDF\n            <\/a>\n            <\/div>\n\n        \n    <div class=\"documento-item\">\n                    <h2 class=\"documento-title\">Updating and compilation of the inventory of archaeological sites with Rock Art in the Valencian Community. Province of Alicante<\/h2>\n        \n                    <p class=\"documento-subtitle\">Mauro S. Hern\u00e1ndez P\u00e9rez, Gabriel Garc\u00eda Atienzar, Virginia Barciela Gonz\u00e1lez, Ximo Martorell Briz y Francisco Javier Molina Hern\u00e1ndez<\/p>\n        \n                    <a href=\"\/wp-content\/uploads\/2025\/01\/publi-revistas\/pub_134.pdf\" class=\"documento-btn\">\n                <i class=\"fas fa-file-pdf\"><\/i> Download PDF\n            <\/a>\n            <\/div>\n\n        \n    <div class=\"documento-item\">\n                    <h2 class=\"documento-title\">Prospecting, documentation and contextualisation of rock art in the Alicante regions of l'Alcoi\u00e0, El Comtat, La Marina Alta and La Marina Baixa. 1st year: geographical sectors 4 and 6.<\/h2>\n        \n                    <p class=\"documento-subtitle\">Virginia Barciela Gonz\u00e1lez and Francisco Javier Molina Hern\u00e1ndez<\/p>\n        \n                    <a href=\"\/wp-content\/uploads\/2025\/01\/publi-revistas\/pub_135.pdf\" class=\"documento-btn\">\n                <i class=\"fas fa-file-pdf\"><\/i> Download PDF\n            <\/a>\n            <\/div>\n\n        \n    <div class=\"documento-item\">\n                    <h2 class=\"documento-title\">Recent excavation campaigns at the Mas d'Is site (Pen\u00e0guila, Alacant).<\/h2>\n        \n                    <p class=\"documento-subtitle\">Joan Bernabeu Aub\u00e1n, Agust\u00edn Diez Castillo and Teresa Orozco K\u00f6hler<\/p>\n        \n                    <a href=\"\/wp-content\/uploads\/2025\/01\/publi-revistas\/pub_136.pdf\" class=\"documento-btn\">\n                <i class=\"fas fa-file-pdf\"><\/i> Download PDF\n            <\/a>\n            <\/div>\n\n        \n    <div class=\"documento-item\">\n                    <h2 class=\"documento-title\">Excavations in the Cova del Randero (Pedreguer, Alicante). Background and advance results<\/h2>\n        \n                    <p class=\"documento-subtitle\">Jorge A. Soler D\u00edaz, Olga G\u00f3mez P\u00e9rez and Consuelo Roca de Togores Mu\u00f1oz<\/p>\n        \n                    <a href=\"\/wp-content\/uploads\/2025\/01\/publi-revistas\/pub_137.pdf\" class=\"documento-btn\">\n                <i class=\"fas fa-file-pdf\"><\/i> Download PDF\n            <\/a>\n            <\/div>\n\n        \n    <div class=\"documento-item\">\n                    <h2 class=\"documento-title\">First contributions of the archaeological excavation project in the bell-shaped settlement of Pe\u00f1\u00f3n de la Zorra (Villena, Alicante).<\/h2>\n        \n                    <p class=\"documento-subtitle\">Gabriel Garc\u00eda Ati\u00e9nzar<\/p>\n        \n                    <a href=\"\/wp-content\/uploads\/2025\/01\/publi-revistas\/pub_138.pdf\" class=\"documento-btn\">\n                <i class=\"fas fa-file-pdf\"><\/i> Download PDF\n            <\/a>\n            <\/div>\n\n        \n    <div class=\"documento-item\">\n                    <h2 class=\"documento-title\">Terlinques (Villena, Alicante): latest excavation campaigns in a Bronze Age village<\/h2>\n        \n                    <p class=\"documento-subtitle\">Francisco Javier Jover Maestre, Juan Antonio L\u00f3pez Padilla, Sergio Mart\u00ednez Monle\u00f3n, Alicia Luj\u00e1n Navas and Laura Acosta Pradillos<\/p>\n        \n                    <a href=\"\/wp-content\/uploads\/2025\/01\/publi-revistas\/pub_139.pdf\" class=\"documento-btn\">\n                <i class=\"fas fa-file-pdf\"><\/i> Download PDF\n            <\/a>\n            <\/div>\n\n        \n    <div class=\"documento-item\">\n                    <h2 class=\"documento-title\">Archaeological excavations in Cabezo Pardo (San Isidro\/Granja de Rocamora, Alicante). Latest actions<\/h2>\n        \n                    <p class=\"documento-subtitle\">Juan Antonio L\u00f3pez Padilla, Teresa Xim\u00e9nez de Emb\u00fan S\u00e1nchez<\/p>\n        \n                    <a href=\"\/wp-content\/uploads\/2025\/01\/publi-revistas\/pub_140.pdf\" class=\"documento-btn\">\n                <i class=\"fas fa-file-pdf\"><\/i> Download PDF\n            <\/a>\n            <\/div>\n\n        \n    <div class=\"documento-item\">\n                    <h2 class=\"documento-title\">Cabezo Redondo (Villena, Alicante). Characterisation of \"domestic spaces\" in a Late Bronze Age settlement. Campaigns from 2010 to 2012<\/h2>\n        \n                    <p class=\"documento-subtitle\">Mauro S. Hern\u00e1ndez P\u00e9rez, Gabriel Garc\u00eda Ati\u00e9nzar, Virginia Barciela Gonz\u00e1lez, Mar\u00eda Lillo Bernabeu and Ximo Martorell Briz<\/p>\n        \n                    <a href=\"\/wp-content\/uploads\/2025\/01\/publi-revistas\/pub_141.pdf\" class=\"documento-btn\">\n                <i class=\"fas fa-file-pdf\"><\/i> Download PDF\n            <\/a>\n            <\/div>\n\n        \n    <div class=\"documento-item\">\n                    <h2 class=\"documento-title\">MODERN AND CONTEMPORARY ARCHAEOLOGY IN ALICANTE: A 21ST CENTURY PERSPECTIVE<\/h2>\n        \n                    <p class=\"documento-subtitle\">Sonia Guti\u00e9rrez Lloret and Carolina Dom\u00e9nech Belda<\/p>\n        \n                    <a href=\"\/wp-content\/uploads\/2025\/01\/publi-revistas\/pub_142.pdf\" class=\"documento-btn\">\n                <i class=\"fas fa-file-pdf\"><\/i> Download PDF\n            <\/a>\n            <\/div>\n\n        \n    <div class=\"documento-item\">\n                    <h2 class=\"documento-title\">State of the art of the settlement of La Mola d'Agres (Agres, Alicante)<\/h2>\n        \n                    <p class=\"documento-subtitle\">Jos\u00e9 Lu\u00eds Pe\u00f1a S\u00e1nchez , Elena Grau Almero y Teresa Hu\u00e9lamo Dom\u00e9nech<\/p>\n        \n                    <a href=\"\/wp-content\/uploads\/2025\/01\/publi-revistas\/pub_143.pdf\" class=\"documento-btn\">\n                <i class=\"fas fa-file-pdf\"><\/i> Download PDF\n            <\/a>\n            <\/div>\n\n        \n    <div class=\"documento-item\">\n                    <h2 class=\"documento-title\">Archaeological excavations in the Iberian settlement of La Escuera (San Fulgencio, Bajo Segura): new data on its southern access and its relationship with the sacred complex.<\/h2>\n        \n                    <p class=\"documento-subtitle\">Lorenzo Abad Casal, Feliciana Sala Sell\u00e9s and Jes\u00fas Moratalla J\u00e1vega<\/p>\n        \n                    <a href=\"\/wp-content\/uploads\/2025\/01\/publi-revistas\/pub_144.pdf\" class=\"documento-btn\">\n                <i class=\"fas fa-file-pdf\"><\/i> Download PDF\n            <\/a>\n            <\/div>\n\n        \n    <div class=\"documento-item\">\n                    <h2 class=\"documento-title\">The Iberian oppidum of Puig d'Alcoi: assessment of the occupation sequence<\/h2>\n        \n                    <p class=\"documento-subtitle\">Ignasi Grau Mira and Josep Maria Segura Mart\u00ed<\/p>\n        \n                    <a href=\"\/wp-content\/uploads\/2025\/01\/publi-revistas\/pub_145.pdf\" class=\"documento-btn\">\n                <i class=\"fas fa-file-pdf\"><\/i> Download PDF\n            <\/a>\n            <\/div>\n\n        \n    <div class=\"documento-item\">\n                    <h2 class=\"documento-title\">Sector 4C of La Alcudia (Elche, Alicante)<\/h2>\n        \n                    <p class=\"documento-subtitle\">Mercedes Tendero Porras and Alejandro Ramos Molina<\/p>\n        \n                    <a href=\"\/wp-content\/uploads\/2025\/01\/publi-revistas\/pub_146.pdf\" class=\"documento-btn\">\n                <i class=\"fas fa-file-pdf\"><\/i> Download PDF\n            <\/a>\n            <\/div>\n\n        \n    <div class=\"documento-item\">\n                    <h2 class=\"documento-title\">An Iberian oil mill at the site of Illeta dels Banyets (El Campello, Alicante)<\/h2>\n        \n                    <p class=\"documento-subtitle\">Adoraci\u00f3n Mart\u00ednez Carmona<\/p>\n        \n                    <a href=\"\/wp-content\/uploads\/2025\/01\/publi-revistas\/pub_147.pdf\" class=\"documento-btn\">\n                <i class=\"fas fa-file-pdf\"><\/i> Download PDF\n            <\/a>\n            <\/div>\n\n        \n    <div class=\"documento-item\">\n                    <h2 class=\"documento-title\">Archaeological work in the forum and baths of Popilio de Lvcentvm (Tossal de Manises, Alicante). Campaign 2009-2010<\/h2>\n        \n                    <p class=\"documento-subtitle\">Manuel Olcina Dom\u00e9nech, Antonio Guilabert Mas and Eva Tendero Porras<\/p>\n        \n                    <a href=\"\/wp-content\/uploads\/2025\/01\/publi-revistas\/pub_148.pdf\" class=\"documento-btn\">\n                <i class=\"fas fa-file-pdf\"><\/i> Download PDF\n            <\/a>\n            <\/div>\n\n        \n    <div class=\"documento-item\">\n                    <h2 class=\"documento-title\">The Villa Petraria rubbish dump identified in Luis Chorro street (Petrer, Alicante).<\/h2>\n        \n                    <p class=\"documento-subtitle\">Fernando E. Tendero Fern\u00e1ndez<\/p>\n        \n                    <a href=\"\/wp-content\/uploads\/2025\/01\/publi-revistas\/pub_149.pdf\" class=\"documento-btn\">\n                <i class=\"fas fa-file-pdf\"><\/i> Download PDF\n            <\/a>\n            <\/div>\n\n        \n    <div class=\"documento-item\">\n                    <h2 class=\"documento-title\">Banys de la Reina de Calp, Alicante. A decade of Archaeology<\/h2>\n        \n                    <p class=\"documento-subtitle\">Anna M\u00aa Ronda i Femenia, Alicia Luj\u00e1n Navas and Vicent Sevila i Garc\u00eda<\/p>\n        \n                    <a href=\"\/wp-content\/uploads\/2025\/01\/publi-revistas\/pub_150.pdf\" class=\"documento-btn\">\n                <i class=\"fas fa-file-pdf\"><\/i> Download PDF\n            <\/a>\n            <\/div>\n\n        \n    <div class=\"documento-item\">\n                    <h2 class=\"documento-title\">New public school \"San Roque\", streets Villavieja, Antequera, and San Juan: \"El Oratorio Rupestre\" (Old Town, Alicante)<\/h2>\n        \n                    <p class=\"documento-subtitle\">Marga Borrego Colomer, Pablo Rosser Limi\u00f1ana, Ana Valero Climent<\/p>\n        \n                    <a href=\"\/wp-content\/uploads\/2025\/01\/publi-revistas\/pub_151.pdf\" class=\"documento-btn\">\n                <i class=\"fas fa-file-pdf\"><\/i> Download PDF\n            <\/a>\n            <\/div>\n\n        \n    <div class=\"documento-item\">\n                    <h2 class=\"documento-title\">Rediscovery of a section of the medieval Christian wall at the Almansa Gate (Villena, Alicante).<\/h2>\n        \n                    <p class=\"documento-subtitle\">Laura Hern\u00e1ndez Alcaraz and Luz P\u00e9rez Amor\u00f3s<\/p>\n        \n                    <a href=\"\/wp-content\/uploads\/2025\/01\/publi-revistas\/pub_152.pdf\" class=\"documento-btn\">\n                <i class=\"fas fa-file-pdf\"><\/i> Download PDF\n            <\/a>\n            <\/div>\n\n        \n    <div class=\"documento-item\">\n                    <h2 class=\"documento-title\">Archaeological intervention in the opening of c\/ Castillo. Castillo del Aljau (Aspe, Alicante)<\/h2>\n        \n                    <p class=\"documento-subtitle\">Jos\u00e9 Ram\u00f3n Ortega P\u00e9rez, Inmaculada Reina G\u00f3mez, Marco Aurelio Esquembre Bebia<\/p>\n        \n                    <a href=\"\/wp-content\/uploads\/2025\/01\/publi-revistas\/pub_153.pdf\" class=\"documento-btn\">\n                <i class=\"fas fa-file-pdf\"><\/i> Download PDF\n            <\/a>\n            <\/div>\n\n        \n    <div class=\"documento-item\">\n                    <h2 class=\"documento-title\">Las Canteras de Ferriol (Baix Vinalop\u00f3, Elche), a unique multidisciplinary historical research project.<\/h2>\n        \n                    <p class=\"documento-subtitle\">Jes\u00fas Moratalla J\u00e1vega, Pierre Rouillard, Laurent Costa<\/p>\n        \n                    <a href=\"\/wp-content\/uploads\/2025\/01\/publi-revistas\/pub_154.pdf\" class=\"documento-btn\">\n                <i class=\"fas fa-file-pdf\"><\/i> Download PDF\n            <\/a>\n            <\/div>\n\n        \n    <div class=\"documento-item\">\n                    <h2 class=\"documento-title\">The archaeological excavation of the Hermitage of Sant Joan (X\u00e0bia, Marina Alta)<\/h2>\n        \n                    <p class=\"documento-subtitle\">Josep Castell\u00f3 Mar\u00ed, Joaquim Bolufer Marqu\u00e9s and Francisco G\u00f3mez Bellard<\/p>\n        \n                    <a href=\"\/wp-content\/uploads\/2025\/01\/publi-revistas\/pub_155.pdf\" class=\"documento-btn\">\n                <i class=\"fas fa-file-pdf\"><\/i> Download PDF\n            <\/a>\n            <\/div>\n\n        \n    <div class=\"documento-item\">\n                    <h2 class=\"documento-title\">Sax Castle. Vessant Sud i Esper\u00f3 de l'Albacar<\/h2>\n        \n                    <p class=\"documento-subtitle\">Miquel S\u00e1nchez i Signes<\/p>\n        \n                    <a href=\"\/wp-content\/uploads\/2025\/01\/publi-revistas\/pub_156.pdf\" class=\"documento-btn\">\n                <i class=\"fas fa-file-pdf\"><\/i> Download PDF\n            <\/a>\n            <\/div>\n\n        \n    <div class=\"documento-item\">\n                    <h2 class=\"documento-title\">New public school \"San Roque\", Villavieja, Antequera, and San Juan Streets: \"action on the east side of the wall\" (Alicante Old Town).<\/h2>\n        \n                    <p class=\"documento-subtitle\">Marga Borrego Colomer, Pablo Rosser Limi\u00f1ana and Ana Valero Climent<\/p>\n        \n                    <a href=\"\/wp-content\/uploads\/2025\/01\/publi-revistas\/pub_157.pdf\" class=\"documento-btn\">\n                <i class=\"fas fa-file-pdf\"><\/i> Download PDF\n            <\/a>\n            <\/div>\n\n        \n    <div class=\"documento-item\">\n                    <h2 class=\"documento-title\">Archaeological monitoring of the paving works in the urban centre of Tabarca Island (Alicante).<\/h2>\n        \n                    <p class=\"documento-subtitle\">Francisco Andr\u00e9s Molina Mas, Jos\u00e9 Ram\u00f3n Ortega P\u00e9rez, Marco Aurelio Esquembre Bebia and Jos\u00e9 Manuel P\u00e9rez Burgos<\/p>\n        \n                    <a href=\"\/wp-content\/uploads\/2025\/01\/publi-revistas\/pub_158.pdf\" class=\"documento-btn\">\n                <i class=\"fas fa-file-pdf\"><\/i> Download PDF\n            <\/a>\n            <\/div>\n\n        \n    <div class=\"documento-item\">\n                    <h2 class=\"documento-title\">The medieval town of Ifach (Calpe, Alicante): City and feudal power in the light of archaeological discoveries (2005-2012)<\/h2>\n        \n                    <p class=\"documento-subtitle\">Jos\u00e9 Luis Men\u00e9ndez Fueyo, Joaqu\u00edn Pina Mira, Jos\u00e9 Manuel Torrecillas Segura and Roberto Ferrer Carri\u00f3n<\/p>\n        \n                    <a href=\"\/wp-content\/uploads\/2025\/01\/publi-revistas\/pub_159.pdf\" class=\"documento-btn\">\n                <i class=\"fas fa-file-pdf\"><\/i> Download PDF\n            <\/a>\n            <\/div>\n\n        \n    <div class=\"documento-item\">\n                    <h2 class=\"documento-title\">Calle Villavieja, 30 and Paseo Ramiro, 13: the Tower of San Sebasti\u00e1n and the Tower of Sper\u00f3 (Alicante Old Town).<\/h2>\n        \n                    <p class=\"documento-subtitle\">Marga Borrego Colomer and Pablo Rosser Limi\u00f1ana<\/p>\n        \n                    <a href=\"\/wp-content\/uploads\/2025\/01\/publi-revistas\/pub_160.pdf\" class=\"documento-btn\">\n                <i class=\"fas fa-file-pdf\"><\/i> Download PDF\n            <\/a>\n            <\/div>\n\n        \n    <div class=\"documento-item\">\n                    <h2 class=\"documento-title\">Archaeological intervention at the Convent of La Merced (Elche, Alicante)<\/h2>\n        \n                    <p class=\"documento-subtitle\">Palmira Torregrosa Gim\u00e9nez, Eduardo L\u00f3pez Segu\u00ed, Patxuka de Miguel Ib\u00e1\u00f1ez and Celso S\u00e1nchez Mond\u00e9jar<\/p>\n        \n                    <a href=\"\/wp-content\/uploads\/2025\/01\/publi-revistas\/pub_161.pdf\" class=\"documento-btn\">\n                <i class=\"fas fa-file-pdf\"><\/i> Download PDF\n            <\/a>\n            <\/div>\n\n        \n    <div class=\"documento-item\">\n                    <h2 class=\"documento-title\">Archaeological evidence of a corral de comedias in the Hospital San Juan de Dios (Orihuela, Alicante).<\/h2>\n        \n                    <p class=\"documento-subtitle\">Silvia Yus Cecilia<\/p>\n        \n                    <a href=\"\/wp-content\/uploads\/2025\/01\/publi-revistas\/pub_162.pdf\" class=\"documento-btn\">\n                <i class=\"fas fa-file-pdf\"><\/i> Download PDF\n            <\/a>\n            <\/div>\n\n        \n    <div class=\"documento-item\">\n                    <h2 class=\"documento-title\">La Torre Bombarda (l'Alf\u00e0s del Pi, Alicante)<\/h2>\n        \n                    <p class=\"documento-subtitle\">Carolina Fr\u00edas Castillejo<\/p>\n        \n                    <a href=\"\/wp-content\/uploads\/2025\/01\/publi-revistas\/pub_163.pdf\" class=\"documento-btn\">\n                <i class=\"fas fa-file-pdf\"><\/i> Download PDF\n            <\/a>\n            <\/div>\n\n        \n    <div class=\"documento-item\">\n                    <h2 class=\"documento-title\">Archaeological intervention in the sepulchre of the Cathedral Chapter of the S. I. Cathedral of Orihuela<\/h2>\n        \n                    <p class=\"documento-subtitle\">Javier Cecilia Espinosa and Mariano Cecilia Espinosa<\/p>\n        \n                    <a href=\"\/wp-content\/uploads\/2025\/01\/publi-revistas\/pub_164.pdf\" class=\"documento-btn\">\n                <i class=\"fas fa-file-pdf\"><\/i> Download PDF\n            <\/a>\n            <\/div>","protected":false},"excerpt":{"rendered":"ARQUEOLOG\u00cdA Y ADMINISTRACI\u00d3N AUTON\u00d3MICA EN LA COMUNIDAD VALENCIANA (2002-2012): ALICANTE Consuelo Matamoros de Villa y<span class=\"excerpt-hellip\"> [\u2026]<\/span>","protected":false},"featured_media":18508,"template":"","meta":{"kia_subtitle":""},"product_brand":[],"product_cat":[1365],"product_tag":[],"class_list":{"0":"post-18683","1":"product","2":"type-product","3":"status-publish","4":"has-post-thumbnail","6":"product_cat-marq-arqueologia-y-museos","8":"first","9":"instock","10":"virtual","11":"product-type-simple"},"meta_box":{"ia_expediente":"","ia_ano":"","ia_fechas_de_actuacion":"","ia_municipios_comarcas":"","ia_directores":"","ia_periodos_culturales":"","ia_tipos_de_intervencion":"","ia_equipo_tecnico":"","ia_autores":"","ia_promotores":"","ia_deposito_de_materiales":"","ia_coordenadas_utm":""},"_links":{"self":[{"href":"https:\/\/marqalicante-admin.qwair.com\/en\/wp-json\/wp\/v2\/product\/18683","targetHints":{"allow":["GET"]}}],"collection":[{"href":"https:\/\/marqalicante-admin.qwair.com\/en\/wp-json\/wp\/v2\/product"}],"about":[{"href":"https:\/\/marqalicante-admin.qwair.com\/en\/wp-json\/wp\/v2\/types\/product"}],"wp:featuredmedia":[{"embeddable":true,"href":"https:\/\/marqalicante-admin.qwair.com\/en\/wp-json\/wp\/v2\/media\/18508"}],"wp:attachment":[{"href":"https:\/\/marqalicante-admin.qwair.com\/en\/wp-json\/wp\/v2\/media?parent=18683"}],"wp:term":[{"taxonomy":"product_brand","embeddable":true,"href":"https:\/\/marqalicante-admin.qwair.com\/en\/wp-json\/wp\/v2\/product_brand?post=18683"},{"taxonomy":"product_cat","embeddable":true,"href":"https:\/\/marqalicante-admin.qwair.com\/en\/wp-json\/wp\/v2\/product_cat?post=18683"},{"taxonomy":"product_tag","embeddable":true,"href":"https:\/\/marqalicante-admin.qwair.com\/en\/wp-json\/wp\/v2\/product_tag?post=18683"}],"curies":[{"name":"wp","href":"https:\/\/api.w.org\/{rel}","templated":true}]}}